{"id":2431,"date":"2020-06-30T13:22:40","date_gmt":"2020-06-30T11:22:40","guid":{"rendered":"https:\/\/observatoriomontesion.es\/?page_id=2431"},"modified":"2022-02-14T13:05:07","modified_gmt":"2022-02-14T12:05:07","slug":"politica-de-cookies","status":"publish","type":"page","link":"https:\/\/catedradeltajo.es\/en\/politica-de-cookies\/","title":{"rendered":"Pol\u00edtica de cookies"},"content":{"rendered":"<h2>POL\u00cdTICA DE COOKIES<\/h2>\n<p style=\"text-align: justify;\">Este sitio web utiliza cookies, ficheros inform\u00e1ticos que se almacenan en el dispositivo del usuario durante su navegaci\u00f3n y que contienen generalmente un n\u00famero que permite identificar el dispositivo del usuario.<\/p>\n<p style=\"text-align: justify;\">Por regla general, existen los siguientes tipos de cookies:<\/p>\n<ul style=\"text-align: justify;\">\n<li>En funci\u00f3n de su caducidad:\n<ul>\n<li>Sesi\u00f3n: Caducan al finalizar la sesi\u00f3n.<\/li>\n<li>Persistencia: No caducan al finalizar la sesi\u00f3n.<\/li>\n<\/ul>\n<\/li>\n<li>En funci\u00f3n de su procedencia:\n<ul>\n<li>Origen: Habilitadas por el sitio web por el que navega.<\/li>\n<li>Proceden de otros sitios web.<\/li>\n<\/ul>\n<\/li>\n<\/ul>\n<p style=\"text-align: justify;\">Las finalidades para las que FUNDACION SOLISS utiliza cookies en su sitio web pueden ser las siguientes:<\/p>\n<ul style=\"text-align: justify;\">\n<li><strong>Cookies anal\u00edticas<\/strong>:\u00a0Son utilizadas para recabar estad\u00edsticas de actividad del usuario. Entre otros, se analizan el n\u00famero de usuarios que visitan el sitio web, el n\u00famero de p\u00e1ginas visitadas, as\u00ed como la actividad de los usuarios en el sitio web y su frecuencia de utilizaci\u00f3n. La informaci\u00f3n recopilada siempre es an\u00f3nima de tal forma que no se podr\u00e1 establecer un v\u00ednculo entre \u00e9sta y la persona f\u00edsica a qui\u00e9n se refiere.<\/li>\n<li><strong>Cookies de autenticaci\u00f3n<\/strong>:\u00a0Son utilizadas por el sitio web para el mantenimiento de la sesi\u00f3n del usuario durante cada visita, siendo dominantes en entornos privados del sitio web que precisan de un usuario y contrase\u00f1a para el acceso.<\/li>\n<li><strong>Cookies usadas por redes sociales<\/strong>:\u00a0Permiten que el usuario tenga la posibilidad de compartir con sus contactos en una red social los contenidos que le resulten de inter\u00e9s mediante la marcaci\u00f3n del bot\u00f3n (plug-in) correspondiente insertado en el sitio web. Los plug-in almacenan y acceden a las cookies del terminal del usuario y permiten a la red social identificar a sus usuarios cuando \u00e9stos interact\u00faen con los plug-in.<\/li>\n<li><strong>Cookies usadas por complementos externos de contenido<\/strong>:\u00a0Estas cookies son almacenadas por terceros y son necesarias para la prestaci\u00f3n de alg\u00fan tipo de servicio. Dentro de esta categor\u00eda de cookies se encuentran, por ejemplo, las cookies de reproductores multimedia, que se utilizan para almacenar datos t\u00e9cnicos con vistas a reproducir contenidos de video o de audio, tales como calidad de la imagen, par\u00e1metros de carga, etc.<\/li>\n<li><strong>Cookies de terceros para la personalizaci\u00f3n de espacios publicitarios<\/strong>:\u00a0Son almacenadas por terceras partes y permiten gestionar el espacio publicitario que los usuarios visualizan al acceder al sitio web.<\/li>\n<\/ul>\n<p style=\"text-align: justify;\">Salvo en el caso de las cookies anal\u00edticas, el uso de cookies tiene un efecto sobre la privacidad de los usuarios dado que, por regla general, permite relacionar su contenido con la direcci\u00f3n IP de conexi\u00f3n y con otros datos de car\u00e1cter personal del usuario, como los aportados voluntariamente.<\/p>\n<p style=\"text-align: justify;\">Mediante la aceptaci\u00f3n de la presente Pol\u00edtica de Cookies, el usuario estar\u00e1 consinti\u00e9ndola generaci\u00f3n de cookies para las finalidades arriba mencionadas.<\/p>\n<p style=\"text-align: justify;\">No obstante, en caso de que el usuario desee con posterioridad eliminar las cookies que se hayan almacenado en su ordenador y que necesariamente precisen de su consentimiento, podr\u00e1 hacerlo usando las herramientas que le proporcione su navegador a dichos efectos. En este sentido, podr\u00e1 encontrar informaci\u00f3n adicional a trav\u00e9s de los siguientes enlaces:<\/p>\n<ul style=\"text-align: justify;\">\n<li>Firefox:\u00a0<a href=\"https:\/\/support.mozilla.org\/es\/kb\/habilitar-y-deshabilitar-cookies-sitios-web-rastrear-preferencias\">https:\/\/support.mozilla.org\/es\/kb\/habilitar-y-deshabilitar-cookies-sitios-web-rastrear-preferencias<\/a><\/li>\n<li>Internet Explorer:\u00a0<a href=\"https:\/\/support.microsoft.com\/es-es\/help\/17442\/windows-internet-explorer-delete-manage-cookies\">https:\/\/support.microsoft.com\/es-es\/help\/17442\/windows-internet-explorer-delete-manage-cookies<\/a><\/li>\n<li>Chrome:\u00a0<a href=\"https:\/\/support.google.com\/chrome\/answer\/95647?hl=es\">https:\/\/support.google.com\/chrome\/answer\/95647?hl=es<\/a><\/li>\n<li>Safari:\u00a0<a href=\"https:\/\/support.apple.com\/kb\/ph21411?locale=es_ES\">https:\/\/support.apple.com\/kb\/ph21411?locale=es_ES<\/a><\/li>\n<li>Opera:\u00a0<a href=\"http:\/\/help.opera.com\/Windows\/11.50\/es-ES\/cookies.html\">http:\/\/help.opera.com\/Windows\/11.50\/es-ES\/cookies.html<\/a><\/li>\n<\/ul>\n<p style=\"text-align: justify;\">Si el usuario no acepta las cookies o las rechaza posteriormente, las funcionalidades del sitio web podr\u00e1n verse mermadas.<\/p>\n<p>&nbsp;<\/p>\n<p style=\"text-align: center;\"><strong>COOKIES UTILIZADAS EN ESTE SITIO WEB<\/strong><\/p>\n<p>Desde este panel podr\u00e1 configurar las cookies que el sitio web puede instalar en su navegador, excepto las cookies t\u00e9cnicas o funcionales que son necesarias para la navegaci\u00f3n y la utilizaci\u00f3n de las diferentes opciones o servicios que se ofrecen.<\/p>\n<p>Las cookies seleccionadas indican que el usuario autoriza la instalaci\u00f3n en su navegador y el tratamiento de datos bajo las condiciones reflejadas en la Pol\u00edtica de cookies.<\/p>\n<p>El usuario puede marcar o desmarcar el selector seg\u00fan se desee aceptar o rechazar la instalaci\u00f3n de cookies.<\/p>\n<table>\n<tbody>\n<tr>\n<td width=\"133\"><strong>NOMBRE<\/strong><\/td>\n<td width=\"133\"><strong>PROVEEDOR<\/strong><\/td>\n<td width=\"133\"><strong>TIPO Y FINALIDAD<\/strong><\/td>\n<td width=\"133\"><strong>CADUCIDAD<\/strong><\/td>\n<\/tr>\n<tr>\n<td width=\"133\">_ga<\/td>\n<td width=\"133\">.catedradeltajo.es<\/td>\n<td width=\"133\">T\u00e9cnica<\/p>\n<p>Se usa para distinguir a los usuarios.<\/p>\n<p>&nbsp;<\/td>\n<td width=\"133\">2 a\u00f1os<\/td>\n<\/tr>\n<tr>\n<td width=\"133\">_ga_LVGZ2ZR1ED<\/td>\n<td width=\"133\">.catedradeltajo.es<\/td>\n<td width=\"133\">T\u00e9cnica<\/p>\n<p>Se usa para distinguir a los usuarios.<\/td>\n<td width=\"133\">2 a\u00f1os<\/td>\n<\/tr>\n<tr>\n<td width=\"133\">wfwaf-authcookie-<\/td>\n<td width=\"133\">.catedradeltajo.es<\/td>\n<td width=\"133\">T\u00e9cnica<\/p>\n<p>La usa el plugin Wordfence para autenticar la sesi\u00f3n de inicio<\/td>\n<td width=\"133\">Sesi\u00f3n<\/td>\n<\/tr>\n<tr>\n<td width=\"133\">wordpress_logged_in_<\/td>\n<td width=\"133\">.catedradeltajo.es<\/td>\n<td width=\"133\">T\u00e9cnica<\/p>\n<p>Despu\u00e9s del loggin, WordPress activa la cookie wordpress_logged_in_, cuya funci\u00f3n es indicar cuando se ha conectado y qui\u00e9n es, siendo utilizado por la interfaz de WordPress<\/p>\n<p>&nbsp;<\/td>\n<td width=\"133\">Sesi\u00f3n<\/td>\n<\/tr>\n<tr>\n<td width=\"133\">wordpress_sec_<\/td>\n<td width=\"133\">catedradeltajo.es<\/td>\n<td width=\"133\">Cookie de sesi\u00f3n. Cookie de WordPress para mantener la sesi\u00f3n de un usuario.<\/td>\n<td width=\"133\">Sesi\u00f3n<\/td>\n<\/tr>\n<tr>\n<td width=\"133\">wordpress_test_cookie<\/td>\n<td width=\"133\">catedradeltajo.es<\/td>\n<td width=\"133\">T\u00e9cnica.<\/p>\n<p>Se usa para que el gestor de contenidos WordPress compruebe si el navegador tiene las\u00a0<em>cookies <\/em>activadas<\/p>\n<p>&nbsp;<\/td>\n<td width=\"133\">Sesi\u00f3n<\/td>\n<\/tr>\n<tr>\n<td width=\"133\">wp-settings-time-5<\/td>\n<td width=\"133\">catedradeltajo.es<\/td>\n<td width=\"133\">T\u00e9cnica<\/p>\n<p>Esta cookie ayuda a recordar tus preferencias personales dentro de WordPres<\/p>\n<p>&nbsp;<\/td>\n<td width=\"133\">1 a\u00f1o<\/td>\n<\/tr>\n<tr>\n<td width=\"133\">wp_lang<\/td>\n<td width=\"133\">catedradeltajo.es<\/td>\n<td width=\"133\">T\u00e9cnica<\/p>\n<p>La utiliza wordpress para gestionar los lenguajes<\/td>\n<td width=\"133\">Sesi\u00f3n<\/td>\n<\/tr>\n<\/tbody>\n<\/table>\n<p>&nbsp;<\/p>","protected":false},"excerpt":{"rendered":"<p>POL\u00cdTICA DE COOKIES Este sitio web utiliza cookies, ficheros inform\u00e1ticos que se almacenan en el dispositivo del usuario durante su navegaci\u00f3n y que contienen generalmente un<span class=\"excerpt-hellip\"> [\u2026]<\/span><\/p>\n","protected":false},"author":5,"featured_media":0,"parent":0,"menu_order":0,"comment_status":"closed","ping_status":"closed","template":"","meta":{"footnotes":""},"class_list":["post-2431","page","type-page","status-publish","hentry"],"yoast_head":"<!-- This site is optimized with the Yoast SEO plugin v27.4 - https:\/\/yoast.com\/product\/yoast-seo-wordpress\/ -->\n<title>Pol\u00edtica de cookies &#8211; C\u00e1tedra del Tajo<\/title>\n<meta name=\"robots\" content=\"index, follow, max-snippet:-1, max-image-preview:large, max-video-preview:-1\" \/>\n<link rel=\"canonical\" href=\"https:\/\/catedradeltajo.es\/en\/politica-de-cookies\/\" \/>\n<meta property=\"og:locale\" content=\"en_US\" \/>\n<meta property=\"og:type\" content=\"article\" \/>\n<meta property=\"og:title\" content=\"Pol\u00edtica de cookies &#8211; C\u00e1tedra del Tajo\" \/>\n<meta property=\"og:description\" content=\"POL\u00cdTICA DE COOKIES Este sitio web utiliza cookies, ficheros inform\u00e1ticos que se almacenan en el dispositivo del usuario durante su navegaci\u00f3n y que contienen generalmente un [\u2026]\" \/>\n<meta property=\"og:url\" content=\"https:\/\/catedradeltajo.es\/en\/politica-de-cookies\/\" \/>\n<meta property=\"og:site_name\" content=\"C\u00e1tedra del Tajo\" \/>\n<meta property=\"article:modified_time\" content=\"2022-02-14T12:05:07+00:00\" \/>\n<meta name=\"twitter:card\" content=\"summary_large_image\" \/>\n<meta name=\"twitter:site\" content=\"@OMontesion\" \/>\n<meta name=\"twitter:label1\" content=\"Est. reading time\" \/>\n\t<meta name=\"twitter:data1\" content=\"4 minutes\" \/>\n<script type=\"application\/ld+json\" class=\"yoast-schema-graph\">{\"@context\":\"https:\\\/\\\/schema.org\",\"@graph\":[{\"@type\":\"WebPage\",\"@id\":\"https:\\\/\\\/catedradeltajo.es\\\/politica-de-cookies\\\/\",\"url\":\"https:\\\/\\\/catedradeltajo.es\\\/politica-de-cookies\\\/\",\"name\":\"Pol\u00edtica de cookies &#8211; C\u00e1tedra del Tajo\",\"isPartOf\":{\"@id\":\"https:\\\/\\\/catedradeltajo.es\\\/#website\"},\"datePublished\":\"2020-06-30T11:22:40+00:00\",\"dateModified\":\"2022-02-14T12:05:07+00:00\",\"breadcrumb\":{\"@id\":\"https:\\\/\\\/catedradeltajo.es\\\/politica-de-cookies\\\/#breadcrumb\"},\"inLanguage\":\"en-US\",\"potentialAction\":[{\"@type\":\"ReadAction\",\"target\":[\"https:\\\/\\\/catedradeltajo.es\\\/politica-de-cookies\\\/\"]}]},{\"@type\":\"BreadcrumbList\",\"@id\":\"https:\\\/\\\/catedradeltajo.es\\\/politica-de-cookies\\\/#breadcrumb\",\"itemListElement\":[{\"@type\":\"ListItem\",\"position\":1,\"name\":\"Portada\",\"item\":\"https:\\\/\\\/catedradeltajo.es\\\/\"},{\"@type\":\"ListItem\",\"position\":2,\"name\":\"Pol\u00edtica de cookies\"}]},{\"@type\":\"WebSite\",\"@id\":\"https:\\\/\\\/catedradeltajo.es\\\/#website\",\"url\":\"https:\\\/\\\/catedradeltajo.es\\\/\",\"name\":\"Incendio de Montesi\u00f3n\",\"description\":\"C\u00e1tedra sobre el r\u00edo Tajo de la UCLM y la Fundaci\u00f3n SOLISS\",\"publisher\":{\"@id\":\"https:\\\/\\\/catedradeltajo.es\\\/#organization\"},\"potentialAction\":[{\"@type\":\"SearchAction\",\"target\":{\"@type\":\"EntryPoint\",\"urlTemplate\":\"https:\\\/\\\/catedradeltajo.es\\\/?s={search_term_string}\"},\"query-input\":{\"@type\":\"PropertyValueSpecification\",\"valueRequired\":true,\"valueName\":\"search_term_string\"}}],\"inLanguage\":\"en-US\"},{\"@type\":\"Organization\",\"@id\":\"https:\\\/\\\/catedradeltajo.es\\\/#organization\",\"name\":\"Observatorio de la Evoluci\u00f3n del Incendio de Montesi\u00f3n\",\"url\":\"https:\\\/\\\/catedradeltajo.es\\\/\",\"logo\":{\"@type\":\"ImageObject\",\"inLanguage\":\"en-US\",\"@id\":\"https:\\\/\\\/catedradeltajo.es\\\/#\\\/schema\\\/logo\\\/image\\\/\",\"url\":\"https:\\\/\\\/catedradeltajo.es\\\/wp-content\\\/uploads\\\/2021\\\/09\\\/105943627_929275060916590_5631063699459450491_n.jpg\",\"contentUrl\":\"https:\\\/\\\/catedradeltajo.es\\\/wp-content\\\/uploads\\\/2021\\\/09\\\/105943627_929275060916590_5631063699459450491_n.jpg\",\"width\":150,\"height\":150,\"caption\":\"Observatorio de la Evoluci\u00f3n del Incendio de Montesi\u00f3n\"},\"image\":{\"@id\":\"https:\\\/\\\/catedradeltajo.es\\\/#\\\/schema\\\/logo\\\/image\\\/\"},\"sameAs\":[\"https:\\\/\\\/x.com\\\/OMontesion\",\"https:\\\/\\\/www.instagram.com\\\/omontesion\\\/\"]}]}<\/script>\n<!-- \/ Yoast SEO plugin. -->","yoast_head_json":{"title":"Pol\u00edtica de cookies &#8211; C\u00e1tedra del Tajo","robots":{"index":"index","follow":"follow","max-snippet":"max-snippet:-1","max-image-preview":"max-image-preview:large","max-video-preview":"max-video-preview:-1"},"canonical":"https:\/\/catedradeltajo.es\/en\/politica-de-cookies\/","og_locale":"en_US","og_type":"article","og_title":"Pol\u00edtica de cookies &#8211; C\u00e1tedra del Tajo","og_description":"POL\u00cdTICA DE COOKIES Este sitio web utiliza cookies, ficheros inform\u00e1ticos que se almacenan en el dispositivo del usuario durante su navegaci\u00f3n y que contienen generalmente un [\u2026]","og_url":"https:\/\/catedradeltajo.es\/en\/politica-de-cookies\/","og_site_name":"C\u00e1tedra del Tajo","article_modified_time":"2022-02-14T12:05:07+00:00","twitter_card":"summary_large_image","twitter_site":"@OMontesion","twitter_misc":{"Est. reading time":"4 minutes"},"schema":{"@context":"https:\/\/schema.org","@graph":[{"@type":"WebPage","@id":"https:\/\/catedradeltajo.es\/politica-de-cookies\/","url":"https:\/\/catedradeltajo.es\/politica-de-cookies\/","name":"Pol\u00edtica de cookies &#8211; C\u00e1tedra del Tajo","isPartOf":{"@id":"https:\/\/catedradeltajo.es\/#website"},"datePublished":"2020-06-30T11:22:40+00:00","dateModified":"2022-02-14T12:05:07+00:00","breadcrumb":{"@id":"https:\/\/catedradeltajo.es\/politica-de-cookies\/#breadcrumb"},"inLanguage":"en-US","potentialAction":[{"@type":"ReadAction","target":["https:\/\/catedradeltajo.es\/politica-de-cookies\/"]}]},{"@type":"BreadcrumbList","@id":"https:\/\/catedradeltajo.es\/politica-de-cookies\/#breadcrumb","itemListElement":[{"@type":"ListItem","position":1,"name":"Portada","item":"https:\/\/catedradeltajo.es\/"},{"@type":"ListItem","position":2,"name":"Pol\u00edtica de cookies"}]},{"@type":"WebSite","@id":"https:\/\/catedradeltajo.es\/#website","url":"https:\/\/catedradeltajo.es\/","name":"Incendio de Montesi\u00f3n","description":"C\u00e1tedra sobre el r\u00edo Tajo de la UCLM y la Fundaci\u00f3n SOLISS","publisher":{"@id":"https:\/\/catedradeltajo.es\/#organization"},"potentialAction":[{"@type":"SearchAction","target":{"@type":"EntryPoint","urlTemplate":"https:\/\/catedradeltajo.es\/?s={search_term_string}"},"query-input":{"@type":"PropertyValueSpecification","valueRequired":true,"valueName":"search_term_string"}}],"inLanguage":"en-US"},{"@type":"Organization","@id":"https:\/\/catedradeltajo.es\/#organization","name":"Observatorio de la Evoluci\u00f3n del Incendio de Montesi\u00f3n","url":"https:\/\/catedradeltajo.es\/","logo":{"@type":"ImageObject","inLanguage":"en-US","@id":"https:\/\/catedradeltajo.es\/#\/schema\/logo\/image\/","url":"https:\/\/catedradeltajo.es\/wp-content\/uploads\/2021\/09\/105943627_929275060916590_5631063699459450491_n.jpg","contentUrl":"https:\/\/catedradeltajo.es\/wp-content\/uploads\/2021\/09\/105943627_929275060916590_5631063699459450491_n.jpg","width":150,"height":150,"caption":"Observatorio de la Evoluci\u00f3n del Incendio de Montesi\u00f3n"},"image":{"@id":"https:\/\/catedradeltajo.es\/#\/schema\/logo\/image\/"},"sameAs":["https:\/\/x.com\/OMontesion","https:\/\/www.instagram.com\/omontesion\/"]}]}},"_links":{"self":[{"href":"https:\/\/catedradeltajo.es\/en\/wp-json\/wp\/v2\/pages\/2431","targetHints":{"allow":["GET"]}}],"collection":[{"href":"https:\/\/catedradeltajo.es\/en\/wp-json\/wp\/v2\/pages"}],"about":[{"href":"https:\/\/catedradeltajo.es\/en\/wp-json\/wp\/v2\/types\/page"}],"author":[{"embeddable":true,"href":"https:\/\/catedradeltajo.es\/en\/wp-json\/wp\/v2\/users\/5"}],"replies":[{"embeddable":true,"href":"https:\/\/catedradeltajo.es\/en\/wp-json\/wp\/v2\/comments?post=2431"}],"version-history":[{"count":5,"href":"https:\/\/catedradeltajo.es\/en\/wp-json\/wp\/v2\/pages\/2431\/revisions"}],"predecessor-version":[{"id":3268,"href":"https:\/\/catedradeltajo.es\/en\/wp-json\/wp\/v2\/pages\/2431\/revisions\/3268"}],"wp:attachment":[{"href":"https:\/\/catedradeltajo.es\/en\/wp-json\/wp\/v2\/media?parent=2431"}],"curies":[{"name":"wp","href":"https:\/\/api.w.org\/{rel}","templated":true}]}}